{"id":243,"date":"2018-11-29T17:36:37","date_gmt":"2018-11-29T16:36:37","guid":{"rendered":"http:\/\/mbp.chrzanow.pl\/pociagdotradycji\/?page_id=243"},"modified":"2019-06-03T13:13:08","modified_gmt":"2019-06-03T11:13:08","slug":"100-wagonow","status":"publish","type":"page","link":"http:\/\/mbp.chrzanow.pl\/pociagdotradycji\/index.php\/100-wagonow\/","title":{"rendered":"100 Wagon\u00f3w"},"content":{"rendered":"\t\t<div data-elementor-type=\"wp-post\" data-elementor-id=\"243\" class=\"elementor elementor-243\">\n\t\t\t\t\t\t<section class=\"elementor-section elementor-top-section elementor-element elementor-element-36b0fa32 elementor-section-content-middle elementor-section-boxed elementor-section-height-default elementor-section-height-default\" data-id=\"36b0fa32\" data-element_type=\"section\" data-e-type=\"section\">\n\t\t\t\t\t\t<div class=\"elementor-container elementor-column-gap-no\">\n\t\t\t\t\t<div class=\"elementor-column elementor-col-50 elementor-top-column elementor-element elementor-element-7e344207\" data-id=\"7e344207\" data-element_type=\"column\" data-e-type=\"column\">\n\t\t\t<div class=\"elementor-widget-wrap elementor-element-populated\">\n\t\t\t\t\t\t<div class=\"elementor-element elementor-element-337821fe elementor-widget elementor-widget-image\" data-id=\"337821fe\" data-element_type=\"widget\" data-e-type=\"widget\" data-widget_type=\"image.default\">\n\t\t\t\t<div class=\"elementor-widget-container\">\n\t\t\t\t\t\t\t\t\t\t\t\t\t\t\t<img fetchpriority=\"high\" decoding=\"async\" width=\"300\" height=\"300\" src=\"http:\/\/mbp.chrzanow.pl\/pociagdotradycji\/wp-content\/uploads\/2018\/11\/100_-300x300.png\" class=\"attachment-medium size-medium wp-image-98\" alt=\"\" srcset=\"http:\/\/mbp.chrzanow.pl\/pociagdotradycji\/wp-content\/uploads\/2018\/11\/100_-300x300.png 300w, http:\/\/mbp.chrzanow.pl\/pociagdotradycji\/wp-content\/uploads\/2018\/11\/100_-150x150.png 150w, http:\/\/mbp.chrzanow.pl\/pociagdotradycji\/wp-content\/uploads\/2018\/11\/100_-768x768.png 768w, http:\/\/mbp.chrzanow.pl\/pociagdotradycji\/wp-content\/uploads\/2018\/11\/100_-1024x1024.png 1024w, http:\/\/mbp.chrzanow.pl\/pociagdotradycji\/wp-content\/uploads\/2018\/11\/100_-350x350.png 350w, http:\/\/mbp.chrzanow.pl\/pociagdotradycji\/wp-content\/uploads\/2018\/11\/100_.png 1890w\" sizes=\"(max-width: 300px) 100vw, 300px\" \/>\t\t\t\t\t\t\t\t\t\t\t\t\t\t\t<\/div>\n\t\t\t\t<\/div>\n\t\t\t\t\t<\/div>\n\t\t<\/div>\n\t\t\t\t<div class=\"elementor-column elementor-col-50 elementor-top-column elementor-element elementor-element-41c99061\" data-id=\"41c99061\" data-element_type=\"column\" data-e-type=\"column\">\n\t\t\t<div class=\"elementor-widget-wrap elementor-element-populated\">\n\t\t\t\t\t\t<div class=\"elementor-element elementor-element-67385048 elementor-widget elementor-widget-text-editor\" data-id=\"67385048\" data-element_type=\"widget\" data-e-type=\"widget\" data-widget_type=\"text-editor.default\">\n\t\t\t\t<div class=\"elementor-widget-container\">\n\t\t\t\t\t\t\t\t\t<p class=\"Default\"><b>100 wagon\u00f3w na stulecie \u2013\u00a0<\/b>W maju 2019 z okazji 100-lecia powstania Pierwszej w Polsce Fabryki Lokomotyw w Chrzanowie zapraszamy wszystkich mieszka\u0144c\u00f3w na happening kolejowy \u201e100 wagon\u00f3w na stulecie\u201d. W programie imprezy: bicie rekordu Polski na najd\u0142u\u017cszy poci\u0105g z ludzi, promocja publikacji i aplikacji mobilnej \u201eSzlakiem Fabloku\u201d, wystawa prac malarskich \u201ePoci\u0105g p\u0119dzlem malowany\u201d, og\u0142oszenie wynik\u00f3w i wr\u0119czenie nagr\u00f3d w konkursach wiedzy o Fabloku, wyst\u0119py artystyczne, przejazd kolejk\u0105 turystyczn\u0105 \u201ePoci\u0105g do Ma\u0142opolski\u201d wytyczonym \u201eSzlakiem Fabloku\u201d, symulator pojazdu szynowego, profesjonalna makieta kolejowa, stoisko z modelami kolejowymi, zabawy aktywizuj\u0105ce dla najm\u0142odszych &#8222;Bezpieczny przejazd&#8221;, ekspozycje Stowarzyszenie &#8222;Stacja Chrzan\u00f3w&#8221;, wystawa pami\u0105tek i archiwali\u00f3w kolejowych.<\/p>\t\t\t\t\t\t\t\t<\/div>\n\t\t\t\t<\/div>\n\t\t\t\t\t<\/div>\n\t\t<\/div>\n\t\t\t\t\t<\/div>\n\t\t<\/section>\n\t\t\t\t<section class=\"elementor-section elementor-top-section elementor-element elementor-element-052f9e6 elementor-section-boxed elementor-section-height-default elementor-section-height-default\" data-id=\"052f9e6\" data-element_type=\"section\" data-e-type=\"section\">\n\t\t\t\t\t\t<div class=\"elementor-container elementor-column-gap-default\">\n\t\t\t\t\t<div class=\"elementor-column elementor-col-100 elementor-top-column elementor-element elementor-element-ade4e63\" data-id=\"ade4e63\" data-element_type=\"column\" data-e-type=\"column\">\n\t\t\t<div class=\"elementor-widget-wrap elementor-element-populated\">\n\t\t\t\t\t\t<div class=\"elementor-element elementor-element-f0e7488 elementor-grid-eael-col-4 elementor-grid-tablet-eael-col-2 elementor-grid-mobile-eael-col-1 elementor-widget elementor-widget-eael-post-grid\" data-id=\"f0e7488\" data-element_type=\"widget\" data-e-type=\"widget\" data-settings=\"{&quot;eael_post_grid_columns&quot;:&quot;eael-col-4&quot;,&quot;eael_post_grid_columns_tablet&quot;:&quot;eael-col-2&quot;,&quot;eael_post_grid_columns_mobile&quot;:&quot;eael-col-1&quot;}\" data-widget_type=\"eael-post-grid.default\">\n\t\t\t\t<div class=\"elementor-widget-container\">\n\t\t\t\t\t<div id=\"eael-post-grid-f0e7488\" class=\"eael-post-grid-container\">\n            <div class=\"eael-post-grid eael-post-appender eael-post-appender-f0e7488 eael-post-grid-style-one\" data-layout-mode=\"masonry\"><article class=\"eael-grid-post  eael-post-grid-column eael-pg-post-858 category-100-wagonow\" data-id=\"858\">\n        <div class=\"eael-grid-post-holder\">\n            <div class=\"eael-grid-post-holder-inner\"><div class=\"eael-entry-media\"><div class=\"eael-entry-overlay fade-in\"><i class=\"fas fa-long-arrow-alt-right\" aria-hidden=\"true\"><\/i><a href=\"http:\/\/mbp.chrzanow.pl\/pociagdotradycji\/index.php\/2019\/07\/19\/rekord-polski-najdluzszy-pociag-z-ludzi\/\"><\/a><\/div><div class=\"eael-entry-thumbnail \">\n                <img decoding=\"async\" width=\"300\" height=\"199\" src=\"http:\/\/mbp.chrzanow.pl\/pociagdotradycji\/wp-content\/uploads\/2019\/07\/DSC_0685-300x199.jpg\" class=\"attachment-medium size-medium wp-image-859\" alt=\"\" srcset=\"http:\/\/mbp.chrzanow.pl\/pociagdotradycji\/wp-content\/uploads\/2019\/07\/DSC_0685-300x199.jpg 300w, http:\/\/mbp.chrzanow.pl\/pociagdotradycji\/wp-content\/uploads\/2019\/07\/DSC_0685-768x509.jpg 768w, http:\/\/mbp.chrzanow.pl\/pociagdotradycji\/wp-content\/uploads\/2019\/07\/DSC_0685-1024x678.jpg 1024w\" sizes=\"(max-width: 300px) 100vw, 300px\" \/>\n            <\/div>\n        <\/div><div class=\"eael-entry-wrapper\"><header class=\"eael-entry-header\"><h2 class=\"eael-entry-title\"><a class=\"eael-grid-post-link\" href=\"http:\/\/mbp.chrzanow.pl\/pociagdotradycji\/index.php\/2019\/07\/19\/rekord-polski-najdluzszy-pociag-z-ludzi\/\" title=\"Rekord Polski &#8222;Najd\u0142u\u017cszy poci\u0105g z ludzi&#8221;\">Rekord Polski &#8222;Najd\u0142u\u017cszy poci\u0105g z ludzi&#8221;<\/a><\/h2><\/header><div class=\"eael-entry-content\">\n                        <div class=\"eael-grid-post-excerpt\"><p>Pr\u00f3ba ustanowienia rekordu odby\u0142a si\u0119 31 maja 2019 roku na\u00a0Placu...<\/p><a href=\"http:\/\/mbp.chrzanow.pl\/pociagdotradycji\/index.php\/2019\/07\/19\/rekord-polski-najdluzszy-pociag-z-ludzi\/\" class=\"eael-post-elements-readmore-btn\">Read More<\/a><\/div>\n                    <\/div><div class=\"eael-entry-footer\"><div class=\"eael-author-avatar\"><a href=\"http:\/\/mbp.chrzanow.pl\/pociagdotradycji\/index.php\/author\/ewelina-langer\/\"><img alt='Ewelina Langer' src='https:\/\/secure.gravatar.com\/avatar\/9074ef8fc8377f682a83982670dc473d1ca1e151454ca5459b61b60dd072ddf5?s=96&#038;d=mm&#038;r=g' srcset='https:\/\/secure.gravatar.com\/avatar\/9074ef8fc8377f682a83982670dc473d1ca1e151454ca5459b61b60dd072ddf5?s=192&#038;d=mm&#038;r=g 2x' class='avatar avatar-96 photo' height='96' width='96' \/><\/a><\/div><div class=\"eael-entry-meta\"><span class=\"eael-posted-by\"><a href=\"http:\/\/mbp.chrzanow.pl\/pociagdotradycji\/index.php\/author\/ewelina-langer\/\" title=\"Posts by Ewelina Langer\" rel=\"author\">Ewelina Langer<\/a><\/span><span class=\"eael-posted-on\"><time datetime=\"19 lipca 2019\">19 lipca 2019<\/time><\/span><\/div><\/div><\/div><\/div>\n        <\/div>\n    <\/article><article class=\"eael-grid-post  eael-post-grid-column eael-pg-post-634 category-100-wagonow\" data-id=\"634\">\n        <div class=\"eael-grid-post-holder\">\n            <div class=\"eael-grid-post-holder-inner\"><div class=\"eael-entry-media\"><div class=\"eael-entry-overlay fade-in\"><i class=\"fas fa-long-arrow-alt-right\" aria-hidden=\"true\"><\/i><a href=\"http:\/\/mbp.chrzanow.pl\/pociagdotradycji\/index.php\/2019\/06\/03\/happening-kolejowy\/\"><\/a><\/div><div class=\"eael-entry-thumbnail \">\n                <img decoding=\"async\" width=\"300\" height=\"200\" src=\"http:\/\/mbp.chrzanow.pl\/pociagdotradycji\/wp-content\/uploads\/2019\/06\/MG_6467-300x200.jpg\" class=\"attachment-medium size-medium wp-image-635\" alt=\"\" srcset=\"http:\/\/mbp.chrzanow.pl\/pociagdotradycji\/wp-content\/uploads\/2019\/06\/MG_6467-300x200.jpg 300w, http:\/\/mbp.chrzanow.pl\/pociagdotradycji\/wp-content\/uploads\/2019\/06\/MG_6467-768x512.jpg 768w, http:\/\/mbp.chrzanow.pl\/pociagdotradycji\/wp-content\/uploads\/2019\/06\/MG_6467-1024x683.jpg 1024w, http:\/\/mbp.chrzanow.pl\/pociagdotradycji\/wp-content\/uploads\/2019\/06\/MG_6467.jpg 1920w\" sizes=\"(max-width: 300px) 100vw, 300px\" \/>\n            <\/div>\n        <\/div><div class=\"eael-entry-wrapper\"><header class=\"eael-entry-header\"><h2 class=\"eael-entry-title\"><a class=\"eael-grid-post-link\" href=\"http:\/\/mbp.chrzanow.pl\/pociagdotradycji\/index.php\/2019\/06\/03\/happening-kolejowy\/\" title=\"Happening kolejowy\">Happening kolejowy<\/a><\/h2><\/header><div class=\"eael-entry-content\">\n                        <div class=\"eael-grid-post-excerpt\"><p>W pi\u0105tek 31 maja 2019\u00a0 zaprosili\u015bmy wszystkich mieszka\u0144c\u00f3w, a szczeg\u00f3lnie...<\/p><a href=\"http:\/\/mbp.chrzanow.pl\/pociagdotradycji\/index.php\/2019\/06\/03\/happening-kolejowy\/\" class=\"eael-post-elements-readmore-btn\">Read More<\/a><\/div>\n                    <\/div><div class=\"eael-entry-footer\"><div class=\"eael-author-avatar\"><a href=\"http:\/\/mbp.chrzanow.pl\/pociagdotradycji\/index.php\/author\/ewelina-langer\/\"><img alt='Ewelina Langer' src='https:\/\/secure.gravatar.com\/avatar\/9074ef8fc8377f682a83982670dc473d1ca1e151454ca5459b61b60dd072ddf5?s=96&#038;d=mm&#038;r=g' srcset='https:\/\/secure.gravatar.com\/avatar\/9074ef8fc8377f682a83982670dc473d1ca1e151454ca5459b61b60dd072ddf5?s=192&#038;d=mm&#038;r=g 2x' class='avatar avatar-96 photo' height='96' width='96' \/><\/a><\/div><div class=\"eael-entry-meta\"><span class=\"eael-posted-by\"><a href=\"http:\/\/mbp.chrzanow.pl\/pociagdotradycji\/index.php\/author\/ewelina-langer\/\" title=\"Posts by Ewelina Langer\" rel=\"author\">Ewelina Langer<\/a><\/span><span class=\"eael-posted-on\"><time datetime=\"3 czerwca 2019\">3 czerwca 2019<\/time><\/span><\/div><\/div><\/div><\/div>\n        <\/div>\n    <\/article><\/div>\n            <div class=\"clearfix\"><\/div>\n        <\/div>\t\t\t\t<\/div>\n\t\t\t\t<\/div>\n\t\t\t\t\t<\/div>\n\t\t<\/div>\n\t\t\t\t\t<\/div>\n\t\t<\/section>\n\t\t\t\t<\/div>\n\t\t","protected":false},"excerpt":{"rendered":"<p>100 wagon\u00f3w na stulecie \u2013\u00a0W maju 2019 z okazji 100-lecia powstania Pierwszej w Polsce Fabryki Lokomotyw w Chrzanowie zapraszamy wszystkich mieszka\u0144c\u00f3w na happening kolejowy \u201e100 wagon\u00f3w na stulecie\u201d. W programie imprezy: bicie rekordu Polski na najd\u0142u\u017cszy poci\u0105g z ludzi, promocja publikacji i aplikacji mobilnej \u201eSzlakiem Fabloku\u201d, wystawa prac malarskich \u201ePoci\u0105g p\u0119dzlem malowany\u201d, og\u0142oszenie wynik\u00f3w i [&hellip;]<\/p>\n","protected":false},"author":1,"featured_media":0,"parent":0,"menu_order":0,"comment_status":"closed","ping_status":"closed","template":"","meta":{"footnotes":""},"class_list":["post-243","page","type-page","status-publish","hentry"],"_links":{"self":[{"href":"http:\/\/mbp.chrzanow.pl\/pociagdotradycji\/index.php\/wp-json\/wp\/v2\/pages\/243","targetHints":{"allow":["GET"]}}],"collection":[{"href":"http:\/\/mbp.chrzanow.pl\/pociagdotradycji\/index.php\/wp-json\/wp\/v2\/pages"}],"about":[{"href":"http:\/\/mbp.chrzanow.pl\/pociagdotradycji\/index.php\/wp-json\/wp\/v2\/types\/page"}],"author":[{"embeddable":true,"href":"http:\/\/mbp.chrzanow.pl\/pociagdotradycji\/index.php\/wp-json\/wp\/v2\/users\/1"}],"replies":[{"embeddable":true,"href":"http:\/\/mbp.chrzanow.pl\/pociagdotradycji\/index.php\/wp-json\/wp\/v2\/comments?post=243"}],"version-history":[{"count":6,"href":"http:\/\/mbp.chrzanow.pl\/pociagdotradycji\/index.php\/wp-json\/wp\/v2\/pages\/243\/revisions"}],"predecessor-version":[{"id":630,"href":"http:\/\/mbp.chrzanow.pl\/pociagdotradycji\/index.php\/wp-json\/wp\/v2\/pages\/243\/revisions\/630"}],"wp:attachment":[{"href":"http:\/\/mbp.chrzanow.pl\/pociagdotradycji\/index.php\/wp-json\/wp\/v2\/media?parent=243"}],"curies":[{"name":"wp","href":"https:\/\/api.w.org\/{rel}","templated":true}]}}