{"id":92,"date":"2018-08-08T13:16:49","date_gmt":"2018-08-08T11:16:49","guid":{"rendered":"http:\/\/mbp.chrzanow.pl\/wstroneniepodleglosci\/?page_id=92"},"modified":"2019-01-04T10:54:18","modified_gmt":"2019-01-04T09:54:18","slug":"organizatorzy","status":"publish","type":"page","link":"https:\/\/mbp.chrzanow.pl\/wstroneniepodleglosci\/index.php\/organizatorzy\/","title":{"rendered":"Organizatorzy \/ Partnerzy"},"content":{"rendered":"\t\t<div data-elementor-type=\"wp-post\" data-elementor-id=\"92\" class=\"elementor elementor-92 elementor-bc-flex-widget\">\n\t\t\t\t\t\t<section class=\"elementor-section elementor-top-section elementor-element elementor-element-e0471aa elementor-section-boxed elementor-section-height-default elementor-section-height-default\" data-id=\"e0471aa\" data-element_type=\"section\" data-e-type=\"section\">\n\t\t\t\t\t\t<div class=\"elementor-container elementor-column-gap-default\">\n\t\t\t\t\t<div class=\"elementor-column elementor-col-100 elementor-top-column elementor-element elementor-element-edc675e\" data-id=\"edc675e\" data-element_type=\"column\" data-e-type=\"column\">\n\t\t\t<div class=\"elementor-widget-wrap elementor-element-populated\">\n\t\t\t\t\t\t<section class=\"elementor-section elementor-inner-section elementor-element elementor-element-8acda70 elementor-section-boxed elementor-section-height-default elementor-section-height-default\" data-id=\"8acda70\" data-element_type=\"section\" data-e-type=\"section\">\n\t\t\t\t\t\t<div class=\"elementor-container elementor-column-gap-default\">\n\t\t\t\t\t<div class=\"elementor-column elementor-col-33 elementor-inner-column elementor-element elementor-element-017a66a\" data-id=\"017a66a\" data-element_type=\"column\" data-e-type=\"column\">\n\t\t\t<div class=\"elementor-widget-wrap elementor-element-populated\">\n\t\t\t\t\t\t<div class=\"elementor-element elementor-element-e10586e elementor-widget elementor-widget-image\" data-id=\"e10586e\" data-element_type=\"widget\" data-e-type=\"widget\" data-widget_type=\"image.default\">\n\t\t\t\t<div class=\"elementor-widget-container\">\n\t\t\t\t\t\t\t\t\t\t\t\t\t\t\t<img decoding=\"async\" width=\"191\" height=\"193\" src=\"https:\/\/mbp.chrzanow.pl\/wstroneniepodleglosci\/wp-content\/uploads\/2018\/09\/muzeum-logo.png\" class=\"attachment-medium size-medium wp-image-281\" alt=\"\" \/>\t\t\t\t\t\t\t\t\t\t\t\t\t\t\t<\/div>\n\t\t\t\t<\/div>\n\t\t\t\t\t<\/div>\n\t\t<\/div>\n\t\t\t\t<div class=\"elementor-column elementor-col-66 elementor-inner-column elementor-element elementor-element-ab683a7\" data-id=\"ab683a7\" data-element_type=\"column\" data-e-type=\"column\">\n\t\t\t<div class=\"elementor-widget-wrap elementor-element-populated\">\n\t\t\t\t\t\t<div class=\"elementor-element elementor-element-ba78f15 elementor-widget elementor-widget-text-editor\" data-id=\"ba78f15\" data-element_type=\"widget\" data-e-type=\"widget\" data-widget_type=\"text-editor.default\">\n\t\t\t\t<div class=\"elementor-widget-container\">\n\t\t\t\t\t\t\t\t\t<p><strong>Muzeum w Chrzanowie im. Ireny i Mieczys\u0142awa Mazarakich<\/strong><br \/>32-500 Chrzan\u00f3w, <br \/>ul. Mickiewicza 13<br \/>e-mail: <a href=\"mailto:muzeum@muzeum.chrzanow.pl\">muzeum@muzeum.chrzanow.pl<\/a><br \/><a href=\"http:\/\/www.muzeum.chrzanow.pl\/\" target=\"_blank\" rel=\"noopener\">www.muzeum.chrzanow.pl<\/a><\/p>\t\t\t\t\t\t\t\t<\/div>\n\t\t\t\t<\/div>\n\t\t\t\t\t<\/div>\n\t\t<\/div>\n\t\t\t\t\t<\/div>\n\t\t<\/section>\n\t\t\t\t\t<\/div>\n\t\t<\/div>\n\t\t\t\t\t<\/div>\n\t\t<\/section>\n\t\t\t\t<section class=\"elementor-section elementor-top-section elementor-element elementor-element-7596be7 elementor-section-boxed elementor-section-height-default elementor-section-height-default\" data-id=\"7596be7\" data-element_type=\"section\" data-e-type=\"section\">\n\t\t\t\t\t\t<div class=\"elementor-container elementor-column-gap-default\">\n\t\t\t\t\t<div class=\"elementor-column elementor-col-100 elementor-top-column elementor-element elementor-element-135f72f\" data-id=\"135f72f\" data-element_type=\"column\" data-e-type=\"column\">\n\t\t\t<div class=\"elementor-widget-wrap elementor-element-populated\">\n\t\t\t\t\t\t<section class=\"elementor-section elementor-inner-section elementor-element elementor-element-9b1159f elementor-section-boxed elementor-section-height-default elementor-section-height-default\" data-id=\"9b1159f\" data-element_type=\"section\" data-e-type=\"section\">\n\t\t\t\t\t\t<div class=\"elementor-container elementor-column-gap-default\">\n\t\t\t\t\t<div class=\"elementor-column elementor-col-33 elementor-inner-column elementor-element elementor-element-971e92f\" data-id=\"971e92f\" data-element_type=\"column\" data-e-type=\"column\">\n\t\t\t<div class=\"elementor-widget-wrap elementor-element-populated\">\n\t\t\t\t\t\t<div class=\"elementor-element elementor-element-7504a27 elementor-widget elementor-widget-image\" data-id=\"7504a27\" data-element_type=\"widget\" data-e-type=\"widget\" data-widget_type=\"image.default\">\n\t\t\t\t<div class=\"elementor-widget-container\">\n\t\t\t\t\t\t\t\t\t\t\t\t\t\t\t<img decoding=\"async\" width=\"202\" height=\"188\" src=\"https:\/\/mbp.chrzanow.pl\/wstroneniepodleglosci\/wp-content\/uploads\/2018\/09\/mbp-chrzanow.png\" class=\"attachment-medium size-medium wp-image-286\" alt=\"\" \/>\t\t\t\t\t\t\t\t\t\t\t\t\t\t\t<\/div>\n\t\t\t\t<\/div>\n\t\t\t\t\t<\/div>\n\t\t<\/div>\n\t\t\t\t<div class=\"elementor-column elementor-col-66 elementor-inner-column elementor-element elementor-element-599d1af\" data-id=\"599d1af\" data-element_type=\"column\" data-e-type=\"column\">\n\t\t\t<div class=\"elementor-widget-wrap elementor-element-populated\">\n\t\t\t\t\t\t<div class=\"elementor-element elementor-element-b8ed5c4 elementor-widget elementor-widget-text-editor\" data-id=\"b8ed5c4\" data-element_type=\"widget\" data-e-type=\"widget\" data-widget_type=\"text-editor.default\">\n\t\t\t\t<div class=\"elementor-widget-container\">\n\t\t\t\t\t\t\t\t\t<p><strong>Miejska Biblioteka Publiczna w Chrzanowie<\/strong><br \/>ul. Broniewskiego 10C, 32-500 Chrzan\u00f3w<br \/>e-mail:\u00a0<a href=\"mailto:biblioteka@mbp.chrzanow.pl\">biblioteka@mbp.chrzanow.pl<\/a><br \/><a href=\"http:\/\/www.mbp.chrzanow.pl\/\" target=\"_blank\" rel=\"noopener\">www.mbp.chrzanow.pl<\/a><\/p>\t\t\t\t\t\t\t\t<\/div>\n\t\t\t\t<\/div>\n\t\t\t\t\t<\/div>\n\t\t<\/div>\n\t\t\t\t\t<\/div>\n\t\t<\/section>\n\t\t\t\t\t<\/div>\n\t\t<\/div>\n\t\t\t\t\t<\/div>\n\t\t<\/section>\n\t\t\t\t<section class=\"elementor-section elementor-top-section elementor-element elementor-element-44bb1be elementor-section-boxed elementor-section-height-default elementor-section-height-default\" data-id=\"44bb1be\" data-element_type=\"section\" data-e-type=\"section\">\n\t\t\t\t\t\t<div class=\"elementor-container elementor-column-gap-default\">\n\t\t\t\t\t<div class=\"elementor-column elementor-col-100 elementor-top-column elementor-element elementor-element-4fe409a\" data-id=\"4fe409a\" data-element_type=\"column\" data-e-type=\"column\">\n\t\t\t<div class=\"elementor-widget-wrap elementor-element-populated\">\n\t\t\t\t\t\t<div class=\"elementor-element elementor-element-8bce950 elementor-widget-divider--view-line elementor-widget elementor-widget-divider\" data-id=\"8bce950\" data-element_type=\"widget\" data-e-type=\"widget\" data-widget_type=\"divider.default\">\n\t\t\t\t<div class=\"elementor-widget-container\">\n\t\t\t\t\t\t\t<div class=\"elementor-divider\">\n\t\t\t<span class=\"elementor-divider-separator\">\n\t\t\t\t\t\t<\/span>\n\t\t<\/div>\n\t\t\t\t\t\t<\/div>\n\t\t\t\t<\/div>\n\t\t\t\t\t<\/div>\n\t\t<\/div>\n\t\t\t\t\t<\/div>\n\t\t<\/section>\n\t\t\t\t<section class=\"elementor-section elementor-top-section elementor-element elementor-element-19c88f8 elementor-section-boxed elementor-section-height-default elementor-section-height-default\" data-id=\"19c88f8\" data-element_type=\"section\" data-e-type=\"section\">\n\t\t\t\t\t\t<div class=\"elementor-container elementor-column-gap-default\">\n\t\t\t\t\t<div class=\"elementor-column elementor-col-100 elementor-top-column elementor-element elementor-element-8de7b78\" data-id=\"8de7b78\" data-element_type=\"column\" data-e-type=\"column\">\n\t\t\t<div class=\"elementor-widget-wrap elementor-element-populated\">\n\t\t\t\t\t\t<div class=\"elementor-element elementor-element-5539d84 elementor-widget elementor-widget-heading\" data-id=\"5539d84\" data-element_type=\"widget\" data-e-type=\"widget\" data-widget_type=\"heading.default\">\n\t\t\t\t<div class=\"elementor-widget-container\">\n\t\t\t\t\t<h2 class=\"elementor-heading-title elementor-size-default\">Partnerzy<\/h2>\t\t\t\t<\/div>\n\t\t\t\t<\/div>\n\t\t\t\t<div class=\"elementor-element elementor-element-ed60028 elementor-widget-divider--view-line elementor-widget elementor-widget-divider\" data-id=\"ed60028\" data-element_type=\"widget\" data-e-type=\"widget\" data-widget_type=\"divider.default\">\n\t\t\t\t<div class=\"elementor-widget-container\">\n\t\t\t\t\t\t\t<div class=\"elementor-divider\">\n\t\t\t<span class=\"elementor-divider-separator\">\n\t\t\t\t\t\t<\/span>\n\t\t<\/div>\n\t\t\t\t\t\t<\/div>\n\t\t\t\t<\/div>\n\t\t\t\t\t<\/div>\n\t\t<\/div>\n\t\t\t\t\t<\/div>\n\t\t<\/section>\n\t\t\t\t<section class=\"elementor-section elementor-top-section elementor-element elementor-element-afdaccd elementor-section-boxed elementor-section-height-default elementor-section-height-default\" data-id=\"afdaccd\" data-element_type=\"section\" data-e-type=\"section\">\n\t\t\t\t\t\t<div class=\"elementor-container elementor-column-gap-default\">\n\t\t\t\t\t<div class=\"elementor-column elementor-col-100 elementor-top-column elementor-element elementor-element-a639fe6\" data-id=\"a639fe6\" data-element_type=\"column\" data-e-type=\"column\">\n\t\t\t<div class=\"elementor-widget-wrap elementor-element-populated\">\n\t\t\t\t\t\t<section class=\"elementor-section elementor-inner-section elementor-element elementor-element-143bad4 elementor-section-boxed elementor-section-height-default elementor-section-height-default\" data-id=\"143bad4\" data-element_type=\"section\" data-e-type=\"section\">\n\t\t\t\t\t\t<div class=\"elementor-container elementor-column-gap-default\">\n\t\t\t\t\t<div class=\"elementor-column elementor-col-33 elementor-inner-column elementor-element elementor-element-014ad6b\" data-id=\"014ad6b\" data-element_type=\"column\" data-e-type=\"column\">\n\t\t\t<div class=\"elementor-widget-wrap elementor-element-populated\">\n\t\t\t\t\t\t<div class=\"elementor-element elementor-element-4ba3f6e elementor-widget elementor-widget-image\" data-id=\"4ba3f6e\" data-element_type=\"widget\" data-e-type=\"widget\" data-widget_type=\"image.default\">\n\t\t\t\t<div class=\"elementor-widget-container\">\n\t\t\t\t\t\t\t\t\t\t\t\t\t\t\t<img decoding=\"async\" src=\"https:\/\/mbp.chrzanow.pl\/wstroneniepodleglosci\/wp-content\/uploads\/2018\/09\/logo-biblioteki-mini.png\" title=\"logo biblioteki mini\" alt=\"logo biblioteki mini\" loading=\"lazy\" \/>\t\t\t\t\t\t\t\t\t\t\t\t\t\t\t<\/div>\n\t\t\t\t<\/div>\n\t\t\t\t\t<\/div>\n\t\t<\/div>\n\t\t\t\t<div class=\"elementor-column elementor-col-66 elementor-inner-column elementor-element elementor-element-033cee9\" data-id=\"033cee9\" data-element_type=\"column\" data-e-type=\"column\">\n\t\t\t<div class=\"elementor-widget-wrap elementor-element-populated\">\n\t\t\t\t\t\t<div class=\"elementor-element elementor-element-53cf768 elementor-widget elementor-widget-text-editor\" data-id=\"53cf768\" data-element_type=\"widget\" data-e-type=\"widget\" data-widget_type=\"text-editor.default\">\n\t\t\t\t<div class=\"elementor-widget-container\">\n\t\t\t\t\t\t\t\t\t<p><strong>Miejska Biblioteka Publiczna w Libi\u0105\u017cu<\/strong> <br \/>ul. G\u00f3rnicza 11, 32-590 Libi\u0105\u017c<br \/>e-mail: <a href=\"mailto:mbp@libiaz.pl\">mbp@libiaz.pl<\/a><br \/><a href=\"http:\/\/www.mbp.libiaz.pl\" target=\"_blank\" rel=\"noopener\">www.mbp.libiaz.pl<\/a><\/p>\t\t\t\t\t\t\t\t<\/div>\n\t\t\t\t<\/div>\n\t\t\t\t\t<\/div>\n\t\t<\/div>\n\t\t\t\t\t<\/div>\n\t\t<\/section>\n\t\t\t\t\t<\/div>\n\t\t<\/div>\n\t\t\t\t\t<\/div>\n\t\t<\/section>\n\t\t\t\t<section class=\"elementor-section elementor-top-section elementor-element elementor-element-5efcb91 elementor-section-boxed elementor-section-height-default elementor-section-height-default\" data-id=\"5efcb91\" data-element_type=\"section\" data-e-type=\"section\">\n\t\t\t\t\t\t<div class=\"elementor-container elementor-column-gap-default\">\n\t\t\t\t\t<div class=\"elementor-column elementor-col-100 elementor-top-column elementor-element elementor-element-2cb144b\" data-id=\"2cb144b\" data-element_type=\"column\" data-e-type=\"column\">\n\t\t\t<div class=\"elementor-widget-wrap elementor-element-populated\">\n\t\t\t\t\t\t<section class=\"elementor-section elementor-inner-section elementor-element elementor-element-7270e94 elementor-section-boxed elementor-section-height-default elementor-section-height-default\" data-id=\"7270e94\" data-element_type=\"section\" data-e-type=\"section\">\n\t\t\t\t\t\t<div class=\"elementor-container elementor-column-gap-default\">\n\t\t\t\t\t<div class=\"elementor-column elementor-col-33 elementor-inner-column elementor-element elementor-element-71218a7\" data-id=\"71218a7\" data-element_type=\"column\" data-e-type=\"column\">\n\t\t\t<div class=\"elementor-widget-wrap elementor-element-populated\">\n\t\t\t\t\t\t<div class=\"elementor-element elementor-element-1a46680 elementor-widget elementor-widget-image\" data-id=\"1a46680\" data-element_type=\"widget\" data-e-type=\"widget\" data-widget_type=\"image.default\">\n\t\t\t\t<div class=\"elementor-widget-container\">\n\t\t\t\t\t\t\t\t\t\t\t\t\t\t\t<img decoding=\"async\" src=\"https:\/\/mbp.chrzanow.pl\/wstroneniepodleglosci\/wp-content\/uploads\/2018\/09\/mbp-trzebinia.png\" title=\"mbp-trzebinia\" alt=\"mbp-trzebinia\" loading=\"lazy\" \/>\t\t\t\t\t\t\t\t\t\t\t\t\t\t\t<\/div>\n\t\t\t\t<\/div>\n\t\t\t\t\t<\/div>\n\t\t<\/div>\n\t\t\t\t<div class=\"elementor-column elementor-col-66 elementor-inner-column elementor-element elementor-element-043458d\" data-id=\"043458d\" data-element_type=\"column\" data-e-type=\"column\">\n\t\t\t<div class=\"elementor-widget-wrap elementor-element-populated\">\n\t\t\t\t\t\t<div class=\"elementor-element elementor-element-510d338 elementor-widget elementor-widget-text-editor\" data-id=\"510d338\" data-element_type=\"widget\" data-e-type=\"widget\" data-widget_type=\"text-editor.default\">\n\t\t\t\t<div class=\"elementor-widget-container\">\n\t\t\t\t\t\t\t\t\t<p><strong>Miejska Biblioteka Publiczna im. Adama Asnyka w Trzebini<\/strong><br \/>ul. Narutowicza 10, 32-540 Trzebinia<br \/>e-mail: <a href=\"mailto:mbp@mbp.trzebinia.pl\">mbp@mbp.trzebinia.pl<\/a><br \/><a href=\"http:\/\/www.mbp.trzebinia.pl\" target=\"_blank\" rel=\"noopener\">www.mbp.trzebinia.pl<\/a><\/p>\t\t\t\t\t\t\t\t<\/div>\n\t\t\t\t<\/div>\n\t\t\t\t\t<\/div>\n\t\t<\/div>\n\t\t\t\t\t<\/div>\n\t\t<\/section>\n\t\t\t\t\t<\/div>\n\t\t<\/div>\n\t\t\t\t\t<\/div>\n\t\t<\/section>\n\t\t\t\t<section class=\"elementor-section elementor-top-section elementor-element elementor-element-96b1169 elementor-section-boxed elementor-section-height-default elementor-section-height-default\" data-id=\"96b1169\" data-element_type=\"section\" data-e-type=\"section\">\n\t\t\t\t\t\t<div class=\"elementor-container elementor-column-gap-default\">\n\t\t\t\t\t<div class=\"elementor-column elementor-col-100 elementor-top-column elementor-element elementor-element-cef5e16\" data-id=\"cef5e16\" data-element_type=\"column\" data-e-type=\"column\">\n\t\t\t<div class=\"elementor-widget-wrap elementor-element-populated\">\n\t\t\t\t\t\t<section class=\"elementor-section elementor-inner-section elementor-element elementor-element-1ed23a3 elementor-section-boxed elementor-section-height-default elementor-section-height-default\" data-id=\"1ed23a3\" data-element_type=\"section\" data-e-type=\"section\">\n\t\t\t\t\t\t<div class=\"elementor-container elementor-column-gap-default\">\n\t\t\t\t\t<div class=\"elementor-column elementor-col-33 elementor-inner-column elementor-element elementor-element-3a6dd03\" data-id=\"3a6dd03\" data-element_type=\"column\" data-e-type=\"column\">\n\t\t\t<div class=\"elementor-widget-wrap elementor-element-populated\">\n\t\t\t\t\t\t<div class=\"elementor-element elementor-element-a79cef3 elementor-widget elementor-widget-image\" data-id=\"a79cef3\" data-element_type=\"widget\" data-e-type=\"widget\" data-widget_type=\"image.default\">\n\t\t\t\t<div class=\"elementor-widget-container\">\n\t\t\t\t\t\t\t\t\t\t\t\t\t\t\t<img decoding=\"async\" src=\"https:\/\/mbp.chrzanow.pl\/wstroneniepodleglosci\/wp-content\/uploads\/2018\/09\/biblioteka-babice.gif\" title=\"biblioteka babice\" alt=\"biblioteka babice\" loading=\"lazy\" \/>\t\t\t\t\t\t\t\t\t\t\t\t\t\t\t<\/div>\n\t\t\t\t<\/div>\n\t\t\t\t\t<\/div>\n\t\t<\/div>\n\t\t\t\t<div class=\"elementor-column elementor-col-66 elementor-inner-column elementor-element elementor-element-c01db9f\" data-id=\"c01db9f\" data-element_type=\"column\" data-e-type=\"column\">\n\t\t\t<div class=\"elementor-widget-wrap elementor-element-populated\">\n\t\t\t\t\t\t<div class=\"elementor-element elementor-element-190d5f6 elementor-widget elementor-widget-text-editor\" data-id=\"190d5f6\" data-element_type=\"widget\" data-e-type=\"widget\" data-widget_type=\"text-editor.default\">\n\t\t\t\t<div class=\"elementor-widget-container\">\n\t\t\t\t\t\t\t\t\t<p><strong>Gminna Biblioteka Publiczna w Babicach<\/strong><br \/>ul. Krakowska 47, 32-551 Babice<br \/>e-mail: <a href=\"mailto:gbpbabice@interia.pl\">gbpbabice@interia.pl<\/a><br \/><a href=\"http:\/\/biblioteka-babice.pl\" target=\"_blank\" rel=\"noopener\">www.biblioteka-babice.pl<\/a><\/p>\t\t\t\t\t\t\t\t<\/div>\n\t\t\t\t<\/div>\n\t\t\t\t\t<\/div>\n\t\t<\/div>\n\t\t\t\t\t<\/div>\n\t\t<\/section>\n\t\t\t\t\t<\/div>\n\t\t<\/div>\n\t\t\t\t\t<\/div>\n\t\t<\/section>\n\t\t\t\t<section class=\"elementor-section elementor-top-section elementor-element elementor-element-d355535 elementor-section-boxed elementor-section-height-default elementor-section-height-default\" data-id=\"d355535\" data-element_type=\"section\" data-e-type=\"section\">\n\t\t\t\t\t\t<div class=\"elementor-container elementor-column-gap-default\">\n\t\t\t\t\t<div class=\"elementor-column elementor-col-100 elementor-top-column elementor-element elementor-element-ba1bce0\" data-id=\"ba1bce0\" data-element_type=\"column\" data-e-type=\"column\">\n\t\t\t<div class=\"elementor-widget-wrap elementor-element-populated\">\n\t\t\t\t\t\t<section class=\"elementor-section elementor-inner-section elementor-element elementor-element-4e08542 elementor-section-boxed elementor-section-height-default elementor-section-height-default\" data-id=\"4e08542\" data-element_type=\"section\" data-e-type=\"section\">\n\t\t\t\t\t\t<div class=\"elementor-container elementor-column-gap-default\">\n\t\t\t\t\t<div class=\"elementor-column elementor-col-33 elementor-inner-column elementor-element elementor-element-bf7c9f0\" data-id=\"bf7c9f0\" data-element_type=\"column\" data-e-type=\"column\">\n\t\t\t<div class=\"elementor-widget-wrap elementor-element-populated\">\n\t\t\t\t\t\t<div class=\"elementor-element elementor-element-699057c elementor-widget elementor-widget-image\" data-id=\"699057c\" data-element_type=\"widget\" data-e-type=\"widget\" data-widget_type=\"image.default\">\n\t\t\t\t<div class=\"elementor-widget-container\">\n\t\t\t\t\t\t\t\t\t\t\t\t\t\t\t<img decoding=\"async\" src=\"https:\/\/mbp.chrzanow.pl\/wstroneniepodleglosci\/wp-content\/uploads\/2018\/09\/logo-jubileusz2.png\" title=\"logo-jubileusz2\" alt=\"logo-jubileusz2\" loading=\"lazy\" \/>\t\t\t\t\t\t\t\t\t\t\t\t\t\t\t<\/div>\n\t\t\t\t<\/div>\n\t\t\t\t\t<\/div>\n\t\t<\/div>\n\t\t\t\t<div class=\"elementor-column elementor-col-66 elementor-inner-column elementor-element elementor-element-5ccef3a\" data-id=\"5ccef3a\" data-element_type=\"column\" data-e-type=\"column\">\n\t\t\t<div class=\"elementor-widget-wrap elementor-element-populated\">\n\t\t\t\t\t\t<div class=\"elementor-element elementor-element-e19c242 elementor-widget elementor-widget-text-editor\" data-id=\"e19c242\" data-element_type=\"widget\" data-e-type=\"widget\" data-widget_type=\"text-editor.default\">\n\t\t\t\t<div class=\"elementor-widget-container\">\n\t\t\t\t\t\t\t\t\t<p><strong>Miejsko \u2013 Gminna Biblioteka Publiczna im. Janiny Rogalskiej w Alwerni<\/strong><br \/>32-566 Alwernia, ul. G\u0119sikowskiego 7<br \/>e-mail: <a href=\"mailto:biblioteka@mgbp.alwernia.pl\">biblioteka@mgbp.alwernia.pl<\/a><br \/><a href=\"http:\/\/www.mgbp.alwernia.pl\" target=\"_blank\" rel=\"noopener\">www.mgbp.alwernia.pl<\/a><\/p>\t\t\t\t\t\t\t\t<\/div>\n\t\t\t\t<\/div>\n\t\t\t\t\t<\/div>\n\t\t<\/div>\n\t\t\t\t\t<\/div>\n\t\t<\/section>\n\t\t\t\t\t<\/div>\n\t\t<\/div>\n\t\t\t\t\t<\/div>\n\t\t<\/section>\n\t\t\t\t<section class=\"elementor-section elementor-top-section elementor-element elementor-element-5619730 elementor-section-boxed elementor-section-height-default elementor-section-height-default\" data-id=\"5619730\" data-element_type=\"section\" data-e-type=\"section\">\n\t\t\t\t\t\t<div class=\"elementor-container elementor-column-gap-default\">\n\t\t\t\t\t<div class=\"elementor-column elementor-col-100 elementor-top-column elementor-element elementor-element-a440d5b\" data-id=\"a440d5b\" data-element_type=\"column\" data-e-type=\"column\">\n\t\t\t<div class=\"elementor-widget-wrap elementor-element-populated\">\n\t\t\t\t\t\t<section class=\"elementor-section elementor-inner-section elementor-element elementor-element-ebd3a23 elementor-section-boxed elementor-section-height-default elementor-section-height-default\" data-id=\"ebd3a23\" data-element_type=\"section\" data-e-type=\"section\">\n\t\t\t\t\t\t<div class=\"elementor-container elementor-column-gap-default\">\n\t\t\t\t\t<div class=\"elementor-column elementor-col-33 elementor-inner-column elementor-element elementor-element-43cde66\" data-id=\"43cde66\" data-element_type=\"column\" data-e-type=\"column\">\n\t\t\t<div class=\"elementor-widget-wrap elementor-element-populated\">\n\t\t\t\t\t\t<div class=\"elementor-element elementor-element-143f3e3 elementor-widget elementor-widget-image\" data-id=\"143f3e3\" data-element_type=\"widget\" data-e-type=\"widget\" data-widget_type=\"image.default\">\n\t\t\t\t<div class=\"elementor-widget-container\">\n\t\t\t\t\t\t\t\t\t\t\t\t\t\t\t<img decoding=\"async\" width=\"300\" height=\"120\" src=\"https:\/\/mbp.chrzanow.pl\/wstroneniepodleglosci\/wp-content\/uploads\/2019\/01\/archiwumnarodowe-300x120.jpg\" class=\"attachment-medium size-medium wp-image-502\" alt=\"\" srcset=\"https:\/\/mbp.chrzanow.pl\/wstroneniepodleglosci\/wp-content\/uploads\/2019\/01\/archiwumnarodowe-300x120.jpg 300w, https:\/\/mbp.chrzanow.pl\/wstroneniepodleglosci\/wp-content\/uploads\/2019\/01\/archiwumnarodowe.jpg 488w\" sizes=\"(max-width: 300px) 100vw, 300px\" \/>\t\t\t\t\t\t\t\t\t\t\t\t\t\t\t<\/div>\n\t\t\t\t<\/div>\n\t\t\t\t\t<\/div>\n\t\t<\/div>\n\t\t\t\t<div class=\"elementor-column elementor-col-66 elementor-inner-column elementor-element elementor-element-4ccef72\" data-id=\"4ccef72\" data-element_type=\"column\" data-e-type=\"column\">\n\t\t\t<div class=\"elementor-widget-wrap elementor-element-populated\">\n\t\t\t\t\t\t<div class=\"elementor-element elementor-element-6d97632 elementor-widget elementor-widget-text-editor\" data-id=\"6d97632\" data-element_type=\"widget\" data-e-type=\"widget\" data-widget_type=\"text-editor.default\">\n\t\t\t\t<div class=\"elementor-widget-container\">\n\t\t\t\t\t\t\t\t\t<strong>Archiwum Narodowe w Krakowie<\/strong>\n<br>\n30-960 Krak\u00f3w, ul. Sienna 16\n<br>\ne-mail: <a href=\"mailto:sekretariat@ank.gov.pl\">sekretariat@ank.gov.pl<\/a>\n<br>\n<a target=\"_blank\" href=\"http:\/\/ank.gov.pl\/\">www.ank.gov.pl<\/a>\n\n\t\t\t\t\t\t\t\t<\/div>\n\t\t\t\t<\/div>\n\t\t\t\t\t<\/div>\n\t\t<\/div>\n\t\t\t\t\t<\/div>\n\t\t<\/section>\n\t\t\t\t\t<\/div>\n\t\t<\/div>\n\t\t\t\t\t<\/div>\n\t\t<\/section>\n\t\t\t\t<\/div>\n\t\t","protected":false},"excerpt":{"rendered":"<p>Muzeum w Chrzanowie im. Ireny i Mieczys\u0142awa Mazarakich32-500 Chrzan\u00f3w, ul. Mickiewicza 13e-mail: muzeum@muzeum.chrzanow.plwww.muzeum.chrzanow.pl Miejska Biblioteka Publiczna w Chrzanowieul. Broniewskiego 10C, 32-500 Chrzan\u00f3we-mail:\u00a0biblioteka@mbp.chrzanow.plwww.mbp.chrzanow.pl Partnerzy Miejska Biblioteka Publiczna w Libi\u0105\u017cu ul. G\u00f3rnicza 11, 32-590 Libi\u0105\u017ce-mail: mbp@libiaz.plwww.mbp.libiaz.pl Miejska Biblioteka Publiczna im. Adama Asnyka w Trzebiniul. Narutowicza 10, 32-540 Trzebiniae-mail: mbp@mbp.trzebinia.plwww.mbp.trzebinia.pl Gminna Biblioteka Publiczna w Babicachul. Krakowska 47, 32-551 [&hellip;]<\/p>\n","protected":false},"author":1,"featured_media":0,"parent":0,"menu_order":3,"comment_status":"closed","ping_status":"closed","template":"","meta":{"footnotes":""},"class_list":["post-92","page","type-page","status-publish","hentry"],"_links":{"self":[{"href":"https:\/\/mbp.chrzanow.pl\/wstroneniepodleglosci\/index.php\/wp-json\/wp\/v2\/pages\/92","targetHints":{"allow":["GET"]}}],"collection":[{"href":"https:\/\/mbp.chrzanow.pl\/wstroneniepodleglosci\/index.php\/wp-json\/wp\/v2\/pages"}],"about":[{"href":"https:\/\/mbp.chrzanow.pl\/wstroneniepodleglosci\/index.php\/wp-json\/wp\/v2\/types\/page"}],"author":[{"embeddable":true,"href":"https:\/\/mbp.chrzanow.pl\/wstroneniepodleglosci\/index.php\/wp-json\/wp\/v2\/users\/1"}],"replies":[{"embeddable":true,"href":"https:\/\/mbp.chrzanow.pl\/wstroneniepodleglosci\/index.php\/wp-json\/wp\/v2\/comments?post=92"}],"version-history":[{"count":37,"href":"https:\/\/mbp.chrzanow.pl\/wstroneniepodleglosci\/index.php\/wp-json\/wp\/v2\/pages\/92\/revisions"}],"predecessor-version":[{"id":505,"href":"https:\/\/mbp.chrzanow.pl\/wstroneniepodleglosci\/index.php\/wp-json\/wp\/v2\/pages\/92\/revisions\/505"}],"wp:attachment":[{"href":"https:\/\/mbp.chrzanow.pl\/wstroneniepodleglosci\/index.php\/wp-json\/wp\/v2\/media?parent=92"}],"curies":[{"name":"wp","href":"https:\/\/api.w.org\/{rel}","templated":true}]}}